{"version":"1.0","provider_name":"Journal Artesane - Arts Plastiques","provider_url":"https:\/\/www.artesane.com\/le-journal\/arts-plastiques","author_name":"Dorian Furet","author_url":"https:\/\/www.artesane.com\/le-journal\/arts-plastiques\/author\/dorian-equipe-artesane\/","title":"L'actualit\u00e9 de janvier chez Artesane - Journal Artesane - Arts Plastiques","type":"rich","width":600,"height":338,"html":"<blockquote class=\"wp-embedded-content\" data-secret=\"jouftWXfEB\"><a href=\"https:\/\/www.artesane.com\/le-journal\/arts-plastiques\/lactualite-de-janvier-chez-artesane\/\">L&rsquo;actualit\u00e9 de janvier chez Artesane<\/a><\/blockquote><iframe sandbox=\"allow-scripts\" security=\"restricted\" src=\"https:\/\/www.artesane.com\/le-journal\/arts-plastiques\/lactualite-de-janvier-chez-artesane\/embed\/#?secret=jouftWXfEB\" width=\"600\" height=\"338\" title=\"\u00ab\u00a0L&rsquo;actualit\u00e9 de janvier chez Artesane\u00a0\u00bb &#8212; Journal Artesane - Arts Plastiques\" data-secret=\"jouftWXfEB\" frameborder=\"0\" marginwidth=\"0\" marginheight=\"0\" scrolling=\"no\" class=\"wp-embedded-content\"><\/iframe><script type=\"text\/javascript\">\n\/* <![CDATA[ *\/\n\/*! This file is auto-generated *\/\n!function(d,l){\"use strict\";l.querySelector&&d.addEventListener&&\"undefined\"!=typeof URL&&(d.wp=d.wp||{},d.wp.receiveEmbedMessage||(d.wp.receiveEmbedMessage=function(e){var t=e.data;if((t||t.secret||t.message||t.value)&&!\/[^a-zA-Z0-9]\/.test(t.secret)){for(var s,r,n,a=l.querySelectorAll('iframe[data-secret=\"'+t.secret+'\"]'),o=l.querySelectorAll('blockquote[data-secret=\"'+t.secret+'\"]'),c=new RegExp(\"^https?:$\",\"i\"),i=0;i<o.length;i++)o[i].style.display=\"none\";for(i=0;i<a.length;i++)s=a[i],e.source===s.contentWindow&&(s.removeAttribute(\"style\"),\"height\"===t.message?(1e3<(r=parseInt(t.value,10))?r=1e3:~~r<200&&(r=200),s.height=r):\"link\"===t.message&&(r=new URL(s.getAttribute(\"src\")),n=new URL(t.value),c.test(n.protocol))&&n.host===r.host&&l.activeElement===s&&(d.top.location.href=t.value))}},d.addEventListener(\"message\",d.wp.receiveEmbedMessage,!1),l.addEventListener(\"DOMContentLoaded\",function(){for(var e,t,s=l.querySelectorAll(\"iframe.wp-embedded-content\"),r=0;r<s.length;r++)(t=(e=s[r]).getAttribute(\"data-secret\"))||(t=Math.random().toString(36).substring(2,12),e.src+=\"#?secret=\"+t,e.setAttribute(\"data-secret\",t)),e.contentWindow.postMessage({message:\"ready\",secret:t},\"*\")},!1)))}(window,document);\n\/\/# sourceURL=https:\/\/www.artesane.com\/le-journal\/arts-plastiques\/wp-includes\/js\/wp-embed.min.js\n\/* ]]> *\/\n<\/script>\n","thumbnail_url":"https:\/\/www.artesane.com\/le-journal\/arts-plastiques\/wp-content\/uploads\/2022\/03\/monogramme-decore-scaled-1.jpg","thumbnail_width":2560,"thumbnail_height":1707,"description":"[vc_row][vc_column][vc_column_text] \u00a0 \u00a0 \u00a0Bienvenue \u00e0 toutes et \u00e0 tous dans ce premier article du Journal Artesane de l\u2019ann\u00e9e 2022 ! J\u2019esp\u00e8re que vos f\u00eates de fin d\u2019ann\u00e9e se sont bien pass\u00e9es et je vous pr\u00e9sente mes meilleurs v\u0153ux pour cette nouvelle ann\u00e9e qui, je l\u2019esp\u00e8re, sera cr\u00e9ative et pleine de beaux projets ! [\/vc_column_text][vc_column_text] \u00a0 [&hellip;]"}